{"id":2295,"date":"2025-09-08T14:11:09","date_gmt":"2025-09-08T14:11:09","guid":{"rendered":"https:\/\/vb-immobilier.ch\/sales\/le-mont-pelerin-1801-58wz-nqg8\/"},"modified":"2026-04-16T20:11:09","modified_gmt":"2026-04-16T20:11:09","slug":"le-mont-pelerin-1801-58wz-nqg8","status":"publish","type":"listing","link":"https:\/\/vb-immobilier.ch\/en\/sales\/le-mont-pelerin-1801-58wz-nqg8\/","title":{"rendered":"Grand appartement de 2-3 pi\u00e8ces"},"content":{"rendered":"<p>Ce grand appartement de 2,5 pi\u00e8ces + mezzanine est situ\u00e9 au Mont-P\u00e8lerin, au sein d\u2019un petit immeuble de seulement 6 logements. Il b\u00e9n\u00e9ficie d\u2019une vue exceptionnelle sur le lac et les montagnes.<\/p>\n<p>L\u2019appartement offre une belle distribution :<\/p>\n<ul>\n<li>un vaste s\u00e9jour avec coin \u00e0 manger, ouvrant sur un balcon ensoleill\u00e9,<\/li>\n<li>une cuisine ferm\u00e9e et fonctionnelle,<\/li>\n<li>une grande chambre \u00e0 coucher,<\/li>\n<li>une salle de douche ainsi qu\u2019une salle de bains.<\/li>\n<\/ul>\n<p>\u00c0 l\u2019\u00e9tage, une mezzanine am\u00e9nageable compl\u00e8te le bien. Cet espace polyvalent peut ais\u00e9ment \u00eatre transform\u00e9 en bureau, chambre d\u2019amis ou second salon. Une zone de rangement est \u00e9galement \u00e0 disposition au niveau sup\u00e9rieur.<\/p>\n<p>Les surfaces mentionn\u00e9es dans le dossier sont donn\u00e9es \u00e0 titre indicatif et comprennent la totalit\u00e9 de la mezzanine.<\/p>\n<p>Un appartement au charme unique, id\u00e9al pour ceux qui recherchent la tranquillit\u00e9, la luminosit\u00e9 et une vue \u00e0 couper le souffle.<\/p>\n<p>L'appartement dispose \u00e9galement d'une place de parc ext\u00e9rieure \u00e0 Fr. 10'000.-, ainsi que d'un garage-box individuel \u00e0 Fr. 40'000.-, en sus du prix de vente.<\/p>\n<p><strong>Le Mont-P\u00e8lerin<\/strong><\/p>\n<p>Situ\u00e9 au-dessus de Vevey, le <strong>Mont-P\u00e8lerin<\/strong> est un v\u00e9ritable balcon naturel dominant le <strong>lac L\u00e9man et les Alpes<\/strong>. R\u00e9put\u00e9 pour son cadre paisible, son ensoleillement g\u00e9n\u00e9reux et ses panoramas uniques, il offre une qualit\u00e9 de vie exceptionnelle entre nature et s\u00e9r\u00e9nit\u00e9.<\/p>\n<p>Gr\u00e2ce au <strong>funiculaire reliant Vevey en quelques minutes<\/strong>, le Mont-P\u00e8lerin allie tranquillit\u00e9 et accessibilit\u00e9. Un lieu rare et recherch\u00e9, id\u00e9al pour profiter d\u2019un environnement privil\u00e9gi\u00e9 tout en restant proche des commodit\u00e9s urbaines.<\/p>\n","protected":false},"featured_media":0,"template":"","listing_type":[2],"property_type":[16],"no_of_rooms":[4],"feature":[35],"orientation":[],"locality":[339,13],"postcode":[70],"country":[9],"listing_status":[10],"ra_feature":[11],"class_list":["post-2295","listing","type-listing","status-publish","hentry","listing_type-buy","property_type-apartment","no_of_rooms-6-rooms","feature-fireplace","locality-le-mont-pelerin","locality-vaud","postcode-70","country-ch","listing_status-available","ra_feature-published-on-ra"],"acf":[],"_links":{"self":[{"href":"https:\/\/vb-immobilier.ch\/en\/wp-json\/wp\/v2\/listing\/2295","targetHints":{"allow":["GET"]}}],"collection":[{"href":"https:\/\/vb-immobilier.ch\/en\/wp-json\/wp\/v2\/listing"}],"about":[{"href":"https:\/\/vb-immobilier.ch\/en\/wp-json\/wp\/v2\/types\/listing"}],"wp:attachment":[{"href":"https:\/\/vb-immobilier.ch\/en\/wp-json\/wp\/v2\/media?parent=2295"}],"wp:term":[{"taxonomy":"listing_type","embeddable":true,"href":"https:\/\/vb-immobilier.ch\/en\/wp-json\/wp\/v2\/listing_type?post=2295"},{"taxonomy":"property_type","embeddable":true,"href":"https:\/\/vb-immobilier.ch\/en\/wp-json\/wp\/v2\/property_type?post=2295"},{"taxonomy":"no_of_rooms","embeddable":true,"href":"https:\/\/vb-immobilier.ch\/en\/wp-json\/wp\/v2\/no_of_rooms?post=2295"},{"taxonomy":"feature","embeddable":true,"href":"https:\/\/vb-immobilier.ch\/en\/wp-json\/wp\/v2\/feature?post=2295"},{"taxonomy":"orientation","embeddable":true,"href":"https:\/\/vb-immobilier.ch\/en\/wp-json\/wp\/v2\/orientation?post=2295"},{"taxonomy":"locality","embeddable":true,"href":"https:\/\/vb-immobilier.ch\/en\/wp-json\/wp\/v2\/locality?post=2295"},{"taxonomy":"postcode","embeddable":true,"href":"https:\/\/vb-immobilier.ch\/en\/wp-json\/wp\/v2\/postcode?post=2295"},{"taxonomy":"country","embeddable":true,"href":"https:\/\/vb-immobilier.ch\/en\/wp-json\/wp\/v2\/country?post=2295"},{"taxonomy":"listing_status","embeddable":true,"href":"https:\/\/vb-immobilier.ch\/en\/wp-json\/wp\/v2\/listing_status?post=2295"},{"taxonomy":"ra_feature","embeddable":true,"href":"https:\/\/vb-immobilier.ch\/en\/wp-json\/wp\/v2\/ra_feature?post=2295"}],"curies":[{"name":"wp","href":"https:\/\/api.w.org\/{rel}","templated":true}]}}