{"id":2267,"date":"2025-08-11T09:46:06","date_gmt":"2025-08-11T09:46:06","guid":{"rendered":"https:\/\/vb-immobilier.ch\/sales\/attalens-1616-wkrq-gqr8\/"},"modified":"2026-04-16T20:11:11","modified_gmt":"2026-04-16T20:11:11","slug":"attalens-1616-wkrq-gqr8","status":"publish","type":"listing","link":"https:\/\/vb-immobilier.ch\/en\/sales\/attalens-1616-wkrq-gqr8\/","title":{"rendered":"B\u00e2timent r\u00e9cent de 6 appartements"},"content":{"rendered":"<p>Bel immeuble de rendement comprenant 6 appartements de 3,5 pi\u00e8ces avec balcon ou terrasse-jardin.<\/p>\n<p>Chaque logement est confortablement agenc\u00e9 avec une belle cuisine ouverte, une salle de bains avec colonne de lavage-s\u00e9chage, une cave et une place de parc ext\u00e9rieure.<\/p>\n<p>Ce b\u00e2timent, \u00e0 l\u2019architecture contemporaine, dispose d\u2019un ascenseur qui dessert les 4 niveaux.<\/p>\n<p>Grand local v\u00e9los.<\/p>\n<p>L'immeuble est reli\u00e9 au chauffage \u00e0 distance. Diffusion de chaleur par le sol.<\/p>\n<p>Etat locatif net :\u00a0\u00a0 Fr. 116'280.-<\/p>\n<p>Etat locatif brut :\u00a0 Fr. 128'160.-<\/p>\n<p><strong>Situation et commodit\u00e9s :<\/strong><\/p>\n<p>Attalens est un charmant village situ\u00e9 \u00e0 moins de 10 minutes de Ch\u00e2tel St-Denis et \u00e0 15 minutes de Vevey et d'Oron.<\/p>\n<p>Les habitants profitent d'un cadre de vie privil\u00e9gi\u00e9, dans un environnement de verdure reposant et calme, proche de toutes les commodit\u00e9s.<\/p>\n<p>La Veveyse a connu un fort d\u00e9veloppement ces derni\u00e8res ann\u00e9es, principalement en raison de sa situation centrale et facilement accessible entre la Suisse romande et la Suisse al\u00e9manique, aux portes de la Riviera vaudoise.<\/p>\n<p>L'entr\u00e9e d'autoroute de Ch\u00e2tel-St-Denis est \u00e0 environ 10 minutes en voiture et celle de Vevey \u00e0 env. 15 minutes.<\/p>\n<p>Au niveau des transports publics, le bus de ligne vous permet de vous rendre \u00e0 Vevey, d'o\u00f9 vous pourrez atteindre toute la Riviera, ou \u00e0 Ch\u00e2tel-St-Denis et et le reste de la Veveyse.\u00a0<\/p>\n<p>Les gares de Pal\u00e9zieux et Vevey, \u00e9galement accessibles en bus, desservent toutes les grandes localit\u00e9s.<\/p>\n<p>Les enfants sont scolaris\u00e9s \u00e0 Attalens jusqu'au niveau de la 8\u00e8me ann\u00e9es Harmos. Ensuite, ils b\u00e9n\u00e9ficient des transports scolaires pour se rendre au CO de la Veveyse, \u00e0 Ch\u00e2tel-St-Denis.<\/p>\n<p>Pour les plus petits, une cr\u00e8che accueillant jusqu'\u00e0 20 enfants par jour est disponible.<\/p>\n<p>Le Village b\u00e9n\u00e9ficie notamment d'une boulangerie, d'une boucherie, d'une \u00e9picerie, d'une pharmacie, d'une banque et de restaurants. Tous les grands commerces se trouvent \u00e0 Ch\u00e2tel-St-Denis, Oron ou Vevey.<\/p>\n","protected":false},"featured_media":0,"template":"","listing_type":[2],"property_type":[3],"no_of_rooms":[4],"feature":[29,342,343],"orientation":[],"locality":[329,90],"postcode":[330],"country":[9],"listing_status":[10],"ra_feature":[11],"class_list":["post-2267","listing","type-listing","status-publish","hentry","listing_type-buy","property_type-house","no_of_rooms-6-rooms","feature-elevator","feature-child-friendly","feature-wheelchair-accessible","locality-attalens","locality-fribourg","postcode-330","country-ch","listing_status-available","ra_feature-published-on-ra"],"acf":[],"_links":{"self":[{"href":"https:\/\/vb-immobilier.ch\/en\/wp-json\/wp\/v2\/listing\/2267","targetHints":{"allow":["GET"]}}],"collection":[{"href":"https:\/\/vb-immobilier.ch\/en\/wp-json\/wp\/v2\/listing"}],"about":[{"href":"https:\/\/vb-immobilier.ch\/en\/wp-json\/wp\/v2\/types\/listing"}],"wp:attachment":[{"href":"https:\/\/vb-immobilier.ch\/en\/wp-json\/wp\/v2\/media?parent=2267"}],"wp:term":[{"taxonomy":"listing_type","embeddable":true,"href":"https:\/\/vb-immobilier.ch\/en\/wp-json\/wp\/v2\/listing_type?post=2267"},{"taxonomy":"property_type","embeddable":true,"href":"https:\/\/vb-immobilier.ch\/en\/wp-json\/wp\/v2\/property_type?post=2267"},{"taxonomy":"no_of_rooms","embeddable":true,"href":"https:\/\/vb-immobilier.ch\/en\/wp-json\/wp\/v2\/no_of_rooms?post=2267"},{"taxonomy":"feature","embeddable":true,"href":"https:\/\/vb-immobilier.ch\/en\/wp-json\/wp\/v2\/feature?post=2267"},{"taxonomy":"orientation","embeddable":true,"href":"https:\/\/vb-immobilier.ch\/en\/wp-json\/wp\/v2\/orientation?post=2267"},{"taxonomy":"locality","embeddable":true,"href":"https:\/\/vb-immobilier.ch\/en\/wp-json\/wp\/v2\/locality?post=2267"},{"taxonomy":"postcode","embeddable":true,"href":"https:\/\/vb-immobilier.ch\/en\/wp-json\/wp\/v2\/postcode?post=2267"},{"taxonomy":"country","embeddable":true,"href":"https:\/\/vb-immobilier.ch\/en\/wp-json\/wp\/v2\/country?post=2267"},{"taxonomy":"listing_status","embeddable":true,"href":"https:\/\/vb-immobilier.ch\/en\/wp-json\/wp\/v2\/listing_status?post=2267"},{"taxonomy":"ra_feature","embeddable":true,"href":"https:\/\/vb-immobilier.ch\/en\/wp-json\/wp\/v2\/ra_feature?post=2267"}],"curies":[{"name":"wp","href":"https:\/\/api.w.org\/{rel}","templated":true}]}}